{"id":2,"date":"2022-07-13T08:53:33","date_gmt":"2022-07-13T08:53:33","guid":{"rendered":"https:\/\/artforhelp.ch\/wordpressinstal\/?page_id=2"},"modified":"2026-08-26T13:06:35","modified_gmt":"2026-08-26T13:06:35","slug":"sample-page","status":"publish","type":"page","link":"https:\/\/artforhelp.ch\/wordpressinstal\/","title":{"rendered":"Accueil"},"content":{"rendered":"\t\t<div data-elementor-type=\"wp-page\" data-elementor-id=\"2\" class=\"elementor elementor-2\">\n\t\t\t\t\t\t<section class=\"elementor-section elementor-top-section elementor-element elementor-element-1fb0787 elementor-section-content-middle elementor-section-boxed elementor-section-height-default elementor-section-height-default\" data-id=\"1fb0787\" data-element_type=\"section\" data-e-type=\"section\">\n\t\t\t\t\t\t<div class=\"elementor-container elementor-column-gap-default\">\n\t\t\t\t\t<div class=\"elementor-column elementor-col-100 elementor-top-column elementor-element elementor-element-910ecb2\" data-id=\"910ecb2\" data-element_type=\"column\" data-e-type=\"column\">\n\t\t\t<div class=\"elementor-widget-wrap elementor-element-populated\">\n\t\t\t\t\t\t<div class=\"elementor-element elementor-element-b36a7f7 elementor-widget__width-initial elementor-widget elementor-widget-text-editor\" data-id=\"b36a7f7\" data-element_type=\"widget\" data-e-type=\"widget\" data-widget_type=\"text-editor.default\">\n\t\t\t\t<div class=\"elementor-widget-container\">\n\t\t\t\t\t\t\t\t\t<h3><strong><span style=\"color: #3770e6;\">\u00a0Actualit\u00e9s\u00a0<\/span><\/strong><\/h3><p style=\"text-align: center;\"><span style=\"color: #ff0000;\"><strong>Ev\u00e9nement en partenariat avec la Ferme Rosset<\/strong><\/span><\/p><p style=\"text-align: center;\"><strong>Dimanche 13\u00a0 septembre de 10h00 \u00e0 17h00, Salon litt\u00e9raire \u00e0 l&rsquo;espace Culturel Ferme Rosset\u00a0 19, chemin Lullin\u00a0 1256 Troinex<\/strong><strong>\u00a0<\/strong><\/p><p style=\"text-align: center;\"><em style=\"font-family: var( --e-global-typography-text-font-family ), Sans-serif;\">ENTREE LIBRE<\/em><\/p><p style=\"text-align: center;\"><span style=\"color: #ff0000;\"><strong>Pou l&rsquo;automne 2026, le Centre Malbine s&rsquo;agrandit avec <\/strong><\/span><\/p><p style=\"text-align: center;\">un shop, un espace pour des expositions, une salle de conf\u00e9rence et des cours de dessin<\/p><p style=\"text-align: center;\"><strong style=\"color: #ff0000;\"><em>Pour visiter le Centre Malbine<\/em><\/strong><\/p><p style=\"text-align: center;\">\u00a0 Jean-Charles Bruttomesso\u00a0 \u00a0 \u00a0+41 79 219 37 10he 13 septembre<\/p>\t\t\t\t\t\t\t\t<\/div>\n\t\t\t\t<\/div>\n\t\t\t\t\t<\/div>\n\t\t<\/div>\n\t\t\t\t\t<\/div>\n\t\t<\/section>\n\t\t\t\t<section class=\"elementor-section elementor-top-section elementor-element elementor-element-9f5e060 elementor-section-boxed elementor-section-height-default elementor-section-height-default\" data-id=\"9f5e060\" data-element_type=\"section\" data-e-type=\"section\">\n\t\t\t\t\t\t<div class=\"elementor-container elementor-column-gap-default\">\n\t\t\t\t\t<div class=\"elementor-column elementor-col-100 elementor-top-column elementor-element elementor-element-a7d7632\" data-id=\"a7d7632\" data-element_type=\"column\" data-e-type=\"column\">\n\t\t\t<div class=\"elementor-widget-wrap elementor-element-populated\">\n\t\t\t\t\t\t<div class=\"elementor-element elementor-element-cbd64c2 elementor-widget elementor-widget-text-editor\" data-id=\"cbd64c2\" data-element_type=\"widget\" data-e-type=\"widget\" data-widget_type=\"text-editor.default\">\n\t\t\t\t<div class=\"elementor-widget-container\">\n\t\t\t\t\t\t\t\t\t<h3><span style=\"color: #3770e6;\"><strong>La Fondation <\/strong><em>f\u00eate ses 15 ans en 2026 !<\/em><\/span><\/h3><p>D\u00e9couvrir\u00a0 Art for Help, fondation d&rsquo;utilit\u00e9 publique, \u00e0 but humanitaire, cr\u00e9\u00e9e par la sculptrice Malbine le 18 ao\u00fbt 20211.<\/p><p><a href=\"https:\/\/artforhelp.ch\/wordpressinstal\/?page_id=15\">Plus d\u2019informations en cliquant ici.<\/a><\/p>\t\t\t\t\t\t\t\t<\/div>\n\t\t\t\t<\/div>\n\t\t\t\t<div class=\"elementor-element elementor-element-896540e elementor-widget elementor-widget-image\" data-id=\"896540e\" data-element_type=\"widget\" data-e-type=\"widget\" data-widget_type=\"image.default\">\n\t\t\t\t<div class=\"elementor-widget-container\">\n\t\t\t\t\t\t\t\t\t\t\t\t\t\t\t\t<a href=\"https:\/\/artforhelp.ch\/wordpressinstal\/fondation\/\">\n\t\t\t\t\t\t\t<img decoding=\"async\" width=\"300\" height=\"100\" src=\"https:\/\/artforhelp.ch\/wordpressinstal\/wp-content\/uploads\/2022\/07\/cropped-6C282CA1-38E9-4D10-9667-507252FC1574-300x100.gif\" class=\"attachment-medium size-medium wp-image-7\" alt=\"Logo Art for Help\" \/>\t\t\t\t\t\t\t\t<\/a>\n\t\t\t\t\t\t\t\t\t\t\t\t\t\t\t<\/div>\n\t\t\t\t<\/div>\n\t\t\t\t<div class=\"elementor-element elementor-element-58a2c27 elementor-widget elementor-widget-text-editor\" data-id=\"58a2c27\" data-element_type=\"widget\" data-e-type=\"widget\" data-widget_type=\"text-editor.default\">\n\t\t\t\t<div class=\"elementor-widget-container\">\n\t\t\t\t\t\t\t\t\t<h3><span style=\"color: #3770e6;\"><strong>Partenaire<\/strong><\/span><\/h3><p style=\"text-align: center;\" data-olk-copy-source=\"MessageBody\"><span style=\"color: #000000;\">Espace culturel de la commune de Troinex, la <strong>Ferme Rosset<\/strong> organise des expositions, des concerts, des contes et autres activit\u00e9s dont le but est de faire conna\u00eetre les artistes d&rsquo;ici et d&rsquo;ailleurs.<\/span><\/p><p style=\"text-align: center;\"><a href=\"https:\/\/www.fermerosset.ch\/\" target=\"_blank\" rel=\"noopener\">Site de la Ferme Rosset<\/a><\/p><p style=\"text-align: center;\"><a href=\"https:\/\/www.fermerosset.ch\/\"><img decoding=\"async\" class=\"alignnone size-full wp-image-1455\" src=\"https:\/\/artforhelp.ch\/wordpressinstal\/wp-content\/uploads\/2026\/02\/Logo-Ferme-Rosset.jpg\" alt=\"Logo Ferme Rosset\" width=\"75\" height=\"125\" \/><\/a><\/p>\t\t\t\t\t\t\t\t<\/div>\n\t\t\t\t<\/div>\n\t\t\t\t\t<\/div>\n\t\t<\/div>\n\t\t\t\t\t<\/div>\n\t\t<\/section>\n\t\t\t\t<section class=\"elementor-section elementor-top-section elementor-element elementor-element-1d5b1c4 elementor-section-boxed elementor-section-height-default elementor-section-height-default\" data-id=\"1d5b1c4\" data-element_type=\"section\" data-e-type=\"section\">\n\t\t\t\t\t\t<div class=\"elementor-container elementor-column-gap-default\">\n\t\t\t\t\t<div class=\"elementor-column elementor-col-50 elementor-top-column elementor-element elementor-element-5ee2c2b\" data-id=\"5ee2c2b\" data-element_type=\"column\" data-e-type=\"column\">\n\t\t\t<div class=\"elementor-widget-wrap elementor-element-populated\">\n\t\t\t\t\t\t<div class=\"elementor-element elementor-element-4c1ff66 elementor-widget elementor-widget-text-editor\" data-id=\"4c1ff66\" data-element_type=\"widget\" data-e-type=\"widget\" data-widget_type=\"text-editor.default\">\n\t\t\t\t<div class=\"elementor-widget-container\">\n\t\t\t\t\t\t\t\t\t<h3><span style=\"color: #3770e6;\"><strong>Malbine<\/strong><\/span><\/h3><p><span class=\"C-2\">Ursula Malbine est n\u00e9e le 12 avril 1917 \u00e0 Berlin de parents juifs allemands, tous deux m\u00e9decins. <\/span><span class=\"C-2\">\u00c9b\u00e9niste de formation, elle a tr\u00e8s vite \u00e9t\u00e9 attir\u00e9e par la sculpture \u00e0 laquelle elle consacra toute sa vie. <\/span><\/p><p><a href=\"https:\/\/artforhelp.ch\/wordpressinstal\/malbine\/\">D\u00e9couvrir Malbine, sculptrice, en cliquant ici.<\/a>e<\/p>\t\t\t\t\t\t\t\t<\/div>\n\t\t\t\t<\/div>\n\t\t\t\t\t<\/div>\n\t\t<\/div>\n\t\t\t\t<div class=\"elementor-column elementor-col-50 elementor-top-column elementor-element elementor-element-1f06608\" data-id=\"1f06608\" data-element_type=\"column\" data-e-type=\"column\">\n\t\t\t<div class=\"elementor-widget-wrap elementor-element-populated\">\n\t\t\t\t\t\t<div class=\"elementor-element elementor-element-6935a00 elementor-widget elementor-widget-image\" data-id=\"6935a00\" data-element_type=\"widget\" data-e-type=\"widget\" data-widget_type=\"image.default\">\n\t\t\t\t<div class=\"elementor-widget-container\">\n\t\t\t\t\t\t\t\t\t\t\t\t\t\t\t<img fetchpriority=\"high\" decoding=\"async\" width=\"300\" height=\"192\" src=\"https:\/\/artforhelp.ch\/wordpressinstal\/wp-content\/uploads\/2022\/07\/20E66E0D-7DC7-42DB-844C-78564291773A-300x192.jpeg\" class=\"attachment-medium size-medium wp-image-171\" alt=\"\" srcset=\"https:\/\/artforhelp.ch\/wordpressinstal\/wp-content\/uploads\/2022\/07\/20E66E0D-7DC7-42DB-844C-78564291773A-300x192.jpeg 300w, https:\/\/artforhelp.ch\/wordpressinstal\/wp-content\/uploads\/2022\/07\/20E66E0D-7DC7-42DB-844C-78564291773A.jpeg 562w\" sizes=\"(max-width: 300px) 100vw, 300px\" \/>\t\t\t\t\t\t\t\t\t\t\t\t\t\t\t<\/div>\n\t\t\t\t<\/div>\n\t\t\t\t\t<\/div>\n\t\t<\/div>\n\t\t\t\t\t<\/div>\n\t\t<\/section>\n\t\t\t\t<\/div>\n\t\t","protected":false},"excerpt":{"rendered":"<p>\u00a0Actualit\u00e9s\u00a0 Ev\u00e9nement en partenariat avec la Ferme Rosset Dimanche 13\u00a0 septembre de 10h00 \u00e0 17h00,&#8230;<\/p>\n<div class=\"visionwp-site-button\"><a href=\"https:\/\/artforhelp.ch\/wordpressinstal\/\" class=\"visionwp-primary-button\">Read More <i class=\"fa fa-long-arrow-right\"><\/i><\/a><\/div>\n","protected":false},"author":1,"featured_media":0,"parent":0,"menu_order":0,"comment_status":"closed","ping_status":"closed","template":"","meta":{"footnotes":""},"class_list":["post-2","page","type-page","status-publish","hentry"],"_links":{"self":[{"href":"https:\/\/artforhelp.ch\/wordpressinstal\/wp-json\/wp\/v2\/pages\/2","targetHints":{"allow":["GET"]}}],"collection":[{"href":"https:\/\/artforhelp.ch\/wordpressinstal\/wp-json\/wp\/v2\/pages"}],"about":[{"href":"https:\/\/artforhelp.ch\/wordpressinstal\/wp-json\/wp\/v2\/types\/page"}],"author":[{"embeddable":true,"href":"https:\/\/artforhelp.ch\/wordpressinstal\/wp-json\/wp\/v2\/users\/1"}],"replies":[{"embeddable":true,"href":"https:\/\/artforhelp.ch\/wordpressinstal\/wp-json\/wp\/v2\/comments?post=2"}],"version-history":[{"count":307,"href":"https:\/\/artforhelp.ch\/wordpressinstal\/wp-json\/wp\/v2\/pages\/2\/revisions"}],"predecessor-version":[{"id":1640,"href":"https:\/\/artforhelp.ch\/wordpressinstal\/wp-json\/wp\/v2\/pages\/2\/revisions\/1640"}],"wp:attachment":[{"href":"https:\/\/artforhelp.ch\/wordpressinstal\/wp-json\/wp\/v2\/media?parent=2"}],"curies":[{"name":"wp","href":"https:\/\/api.w.org\/{rel}","templated":true}]}}