{"id":15,"date":"2022-07-13T10:38:26","date_gmt":"2022-07-13T10:38:26","guid":{"rendered":"https:\/\/artforhelp.ch\/wordpressinstal\/?page_id=15"},"modified":"2026-05-27T09:05:39","modified_gmt":"2026-05-27T09:05:39","slug":"fondation","status":"publish","type":"page","link":"https:\/\/artforhelp.ch\/wordpressinstal\/fondation\/","title":{"rendered":"Fondation"},"content":{"rendered":"\t\t<div data-elementor-type=\"wp-page\" data-elementor-id=\"15\" class=\"elementor elementor-15\">\n\t\t\t\t\t\t<section class=\"elementor-section elementor-top-section elementor-element elementor-element-f528ba6 elementor-section-boxed elementor-section-height-default elementor-section-height-default\" data-id=\"f528ba6\" data-element_type=\"section\" data-e-type=\"section\">\n\t\t\t\t\t\t<div class=\"elementor-container elementor-column-gap-default\">\n\t\t\t\t\t<div class=\"elementor-column elementor-col-100 elementor-top-column elementor-element elementor-element-a2fa453\" data-id=\"a2fa453\" data-element_type=\"column\" data-e-type=\"column\">\n\t\t\t<div class=\"elementor-widget-wrap elementor-element-populated\">\n\t\t\t\t\t\t<div class=\"elementor-element elementor-element-c25dfcf elementor-widget elementor-widget-text-editor\" data-id=\"c25dfcf\" data-element_type=\"widget\" data-e-type=\"widget\" data-widget_type=\"text-editor.default\">\n\t\t\t\t<div class=\"elementor-widget-container\">\n\t\t\t\t\t\t\t\t\t<h3 style=\"text-align: center;\"><span style=\"color: #3770e6;\"><strong><span class=\"C-1\">Fondation Art for Help\u00a0 \u00a0Route de Moillebin, 5\u00a0 \u00a0 1256 Troinex<\/span><\/strong><\/span><\/h3><p class=\"Corps P-1\" style=\"text-align: center;\"><span class=\"C-1\">info@artforhelp.ch \u00a0www.artforhelp.ch<\/span><\/p><p class=\"Corps P-1\" style=\"text-align: center;\"><span class=\"C-1\">+41 79 219 37 10<\/span><\/p>\t\t\t\t\t\t\t\t<\/div>\n\t\t\t\t<\/div>\n\t\t\t\t\t<\/div>\n\t\t<\/div>\n\t\t\t\t\t<\/div>\n\t\t<\/section>\n\t\t\t\t<section class=\"elementor-section elementor-top-section elementor-element elementor-element-31acd1a elementor-section-boxed elementor-section-height-default elementor-section-height-default\" data-id=\"31acd1a\" data-element_type=\"section\" data-e-type=\"section\">\n\t\t\t\t\t\t<div class=\"elementor-container elementor-column-gap-default\">\n\t\t\t\t\t<div class=\"elementor-column elementor-col-100 elementor-top-column elementor-element elementor-element-5cc20d7\" data-id=\"5cc20d7\" data-element_type=\"column\" data-e-type=\"column\">\n\t\t\t<div class=\"elementor-widget-wrap elementor-element-populated\">\n\t\t\t\t\t\t<div class=\"elementor-element elementor-element-d0df757 elementor-widget elementor-widget-text-editor\" data-id=\"d0df757\" data-element_type=\"widget\" data-e-type=\"widget\" data-widget_type=\"text-editor.default\">\n\t\t\t\t<div class=\"elementor-widget-container\">\n\t\t\t\t\t\t\t\t\t<h3><span style=\"color: #3770e6;\"><strong>Pour faire un don\u00a0<\/strong><\/span><strong style=\"color: #3770e6; font-size: 1.66667rem;\"> \u00e0 la fondation Art for Help (d\u00e9ductible des imp\u00f4ts)<\/strong><\/h3><p class=\"Normal P-3\">CH21 0078 8000 0509 2903 5<\/p><p class=\"Normal P-3\">Fondation Art for Help<br \/>Route de Moillebin, 5<br \/>CH-1256 Troinex<\/p><p class=\"Normal P-3\">Banque Cantonale de Gen\u00e8ve<br \/>CP 2251 &#8211;<wbr \/> 1211 Gen\u00e8ve 2<\/p>\t\t\t\t\t\t\t\t<\/div>\n\t\t\t\t<\/div>\n\t\t\t\t\t<\/div>\n\t\t<\/div>\n\t\t\t\t\t<\/div>\n\t\t<\/section>\n\t\t\t\t<section class=\"elementor-section elementor-top-section elementor-element elementor-element-faa3c38 elementor-section-boxed elementor-section-height-default elementor-section-height-default\" data-id=\"faa3c38\" data-element_type=\"section\" data-e-type=\"section\">\n\t\t\t\t\t\t<div class=\"elementor-container elementor-column-gap-default\">\n\t\t\t\t\t<div class=\"elementor-column elementor-col-100 elementor-top-column elementor-element elementor-element-9275572\" data-id=\"9275572\" data-element_type=\"column\" data-e-type=\"column\">\n\t\t\t<div class=\"elementor-widget-wrap elementor-element-populated\">\n\t\t\t\t\t\t<div class=\"elementor-element elementor-element-f406912 elementor-widget elementor-widget-text-editor\" data-id=\"f406912\" data-element_type=\"widget\" data-e-type=\"widget\" data-widget_type=\"text-editor.default\">\n\t\t\t\t<div class=\"elementor-widget-container\">\n\t\t\t\t\t\t\t\t\t<h3><span style=\"color: #3770e6;\"><strong>15 ans en 2026 !<\/strong><\/span><\/h3><p>La Fondation Art for Help, fondation d&rsquo;utilit\u00e9 publique, a \u00e9t\u00e9 formellement cr\u00e9\u00e9e par Malbine le 18 ao\u00fbt 2011.<\/p><p>2021 marque donc les 10 ans d\u2019existence de la Fondation Art for Help. Divers projets sont en cours dont la cr\u00e9ation d\u2019un Centre Malbine \u00e0 Troinex, qui devrait mettre en valeur l\u2019atelier o\u00f9 a travaill\u00e9 pendant de longues ann\u00e9es Malbine.<\/p><h3 class=\"Corps\"><span style=\"color: #3770e6;\"><strong><span class=\"C-3\">Projets humanitaires<\/span><\/strong><\/span><\/h3><p class=\"Corps\"><span class=\"C-2\">L\u2019objectif de la Fondation Art for Help n\u2019est donc pas de constituer une nouvelle organisation humanitaire en elle-<wbr \/>m\u00eame, mais de pouvoir soutenir celles qui sont d\u00e9j\u00e0 engag\u00e9es sur le terrain et dont l\u2019exp\u00e9rience a prouv\u00e9 leur s\u00e9rieux et leur efficacit\u00e9, notamment en leur permettant d\u2019engager de jeunes volontaires. Les demandes de soutien sont \u00e0 envoyer au plus tard en mai.<\/span><\/p><p class=\"Corps\"><span class=\"C-2\">Il s\u2019agit d\u2019allouer un soutien, r\u00e9gulier ou ponctuel, \u00e0 une ou plusieurs organisations humanitaires, venant en aide d\u2019une mani\u00e8re ou d\u2019une autre (alimentation, eau, hygi\u00e8ne, \u00e9ducation, soin, lutte anti-<wbr \/>mine etc.) aux enfants en d\u00e9tresse dans le monde.<\/span><\/p><p class=\"Corps\"><span class=\"C-2\">Les projets des ONG humanitaires susceptibles de recevoir ce soutien seront \u00e9tudi\u00e9s par une commission d\u2019examen. Cette derni\u00e8re pr\u00e9sentera son rapport au Conseil de Fondation, qui attribuera chaque ann\u00e9e les sommes en question, \u00e0 l\u2019occasion d\u2019une manifestation annuelle permettant \u00e0 la fois de promouvoir l\u2019ONG allocataire et de r\u00e9colter des fonds pour la Fondation.<\/span><\/p><p class=\"Corps P-4\"><span class=\"C-6\">Conform\u00e9ment au but de la fondation<\/span><span class=\"C-6\">\u00a0&#8211;<wbr \/> venir en aide \u00e0 l\u2019enfance en d\u00e9tresse &#8211;\u00a0<wbr \/><\/span><span class=\"C-6\">la Fondation Art for Help soutient un ou deux projets chaque ann\u00e9e.<\/span><\/p><h3 class=\"Normal P-2\"><span style=\"color: #3770e6;\"><strong><span class=\"C-1\">8 Crit\u00e8res retenus par le Conseil de fondation pour venir en aide aux enfants en d\u00e9tresse du monde entier<\/span><\/strong><\/span><\/h3><ul><li class=\"Normal P-4\"><span class=\"C-2\">Projet psycho-<wbr \/>social, dans le champ de l&rsquo;enfance en d\u00e9tresse, emp\u00each\u00e9e dans son d\u00e9veloppement, englobant son environnement communautaire (social\/familial)<\/span><\/li><li class=\"Normal P-4\"><span class=\"C-2\">Dimension culturelle et p\u00e9dagogique. Ex. : centre r\u00e9cr\u00e9atif<\/span><\/li><li class=\"Normal P-4\"><span class=\"C-2\">Cat\u00e9gorie humanitaire\/r\u00e9habilitation, suite \u00e0 un conflit ou une catastrophe naturelle<\/span><\/li><li class=\"Normal P-4\"><span class=\"C-2\">Organisation nationale, suisse, suffisamment importante pour pouvoir s&rsquo;int\u00e9grer dans \u00a0un programme existant, assurant un certain niveau de professionnalisme<\/span><\/li><li class=\"Normal P-4\"><span class=\"C-2\">Don fait \u00e0 un projet pr\u00e9cis, document\u00e9, r\u00e9f\u00e9renc\u00e9 et localis\u00e9<\/span><\/li><li class=\"Normal P-4\"><span class=\"C-2\">Organisation fonctionnant de pr\u00e9f\u00e9rence dans le cadre de partenariats locaux, de niveau professionnel (niveau de formation appropri\u00e9e des intervenants)<\/span><\/li><li class=\"Normal P-4\"><span class=\"C-2\">\u00a0Projet \u00e9valu\u00e9 initialement et au terme de la donation, selon les indicateurs classiques du psycho-<wbr \/>social ; un syst\u00e8me de monitoring sera organis\u00e9 durant tout le projet. Les frais inh\u00e9rents aux \u00e9valuations sont inclus dans les donations.<\/span><\/li><li class=\"Normal P-4\"><span class=\"C-2\">Projet valid\u00e9 par le Conseil de fondation.<\/span><\/li><\/ul><h3><span style=\"color: #3770e6;\"><strong>Organisation<\/strong><\/span><\/h3><p>Le Conseil de fondation est constitu\u00e9 de huit membres :<\/p><ul><li>Jean-Charles Bruttomesso : pr\u00e9sident<\/li><li>Sandrine Jolissaint : vice-pr\u00e9sidente<\/li><li>Jacques Boesch : secr\u00e9taire g\u00e9n\u00e9ral\u00a0<\/li><li>Kamran Marwah : tr\u00e9sorier<\/li><li>J\u00e9r\u00e9my Annen<\/li><li>Eric Alves De Souza\u00a0<\/li><li>Christophe Reymond\u00a0<\/li><\/ul><p>La Fondation a pour but, par la mise en valeur de l\u2019\u0153uvre de Malbine, de venir en aide aux enfants en d\u00e9tresse du \u00a0monde entier. Pour ce faire, la Fondation entend principalement utiliser l\u2019\u0153uvre sculpt\u00e9 de Malbine pour atteindre le but fix\u00e9.\u00a0<\/p><p><a href=\"https:\/\/artforhelp.ch\/wordpressinstal\/wp-content\/uploads\/2026\/05\/Statuts-Art-for-Help.pdf\" target=\"_blank\" rel=\"noopener\">Statuts de la Fondation Art for Help<\/a> (Fichier PDF)<\/p>\t\t\t\t\t\t\t\t<\/div>\n\t\t\t\t<\/div>\n\t\t\t\t\t<\/div>\n\t\t<\/div>\n\t\t\t\t\t<\/div>\n\t\t<\/section>\n\t\t\t\t<section class=\"elementor-section elementor-top-section elementor-element elementor-element-8b65c1e elementor-section-boxed elementor-section-height-default elementor-section-height-default\" data-id=\"8b65c1e\" data-element_type=\"section\" data-e-type=\"section\">\n\t\t\t\t\t\t<div class=\"elementor-container elementor-column-gap-default\">\n\t\t\t\t\t<div class=\"elementor-column elementor-col-100 elementor-top-column elementor-element elementor-element-caf969a\" data-id=\"caf969a\" data-element_type=\"column\" data-e-type=\"column\">\n\t\t\t<div class=\"elementor-widget-wrap elementor-element-populated\">\n\t\t\t\t\t\t<div class=\"elementor-element elementor-element-4e528db elementor-widget elementor-widget-text-editor\" data-id=\"4e528db\" data-element_type=\"widget\" data-e-type=\"widget\" data-widget_type=\"text-editor.default\">\n\t\t\t\t<div class=\"elementor-widget-container\">\n\t\t\t\t\t\t\t\t\t<h3><span style=\"color: #3770e6;\"><strong>Jacques Boesch, secr\u00e9taire g\u00e9n\u00e9ral de la fondation Art for Help<\/strong><\/span><\/h3><p class=\"Corps\"><span class=\"C-3\">Depuis le mois d\u2019octobre 2015, les \u0153uvres originales de Malbine sont expos\u00e9es dans le cadre privil\u00e9gi\u00e9 du Jardin de Madame au Signal de Bougy. L\u2019inauguration officielle de cette exposition a eu lieu le 9 avril 2016 sur invitation. Dans le cadre de cette manifestation, plusieurs \u00e9v\u00e9nements sont propos\u00e9s. Nos remerciements s\u2019adressent \u00e0 la Fondation Pr\u00e9 Vert qui met g\u00e9n\u00e9reusement \u00e0 disposition ce magnifique \u00e9crin de verdure et \u00e0 toutes les personnes qui ont rendu cette belle initiative possibleLargement ouvert au public, ce magnifique parc met en valeur ces bronzes qui l\u2019illuminent de leur pr\u00e9sence. L\u2019ensemble suscite d\u00e9j\u00e0 la curiosit\u00e9. Et attire des regards \u00e9merveill\u00e9s \u2026Cette exposition se veut non seulement un hommage rendu \u00e0 cette artiste internationalement reconnue, mais veut retenir l\u2019attention des visiteurs par quelques \u00e9vidences. Oui, la rencontre avec l\u2019art peut aider ! Oui, la contemplation des \u0153uvres peut procurer du plaisir ! Elles peuvent \u00e9mouvoir. Questionner aussi. Rassurer et inviter \u00e0 pers\u00e9v\u00e9rer. Surtout quand leur auteur a fait de la beaut\u00e9, de la jeunesse prise dans ses activit\u00e9s quotidiennes embl\u00e9matiques, de la paix, de la joie des commencements et du bonheur d\u2019exister malgr\u00e9 les difficult\u00e9s, des valeurs \u00e0 offrir. Et \u00e0 partager. Il suffit de regarder <span class=\"C-2\">Les petites filles<\/span>, <span class=\"C-2\">La baigneuse avec draperie<\/span> ou <span class=\"C-2\">La petite acrobate<\/span> pour se r\u00e9jouir de la beaut\u00e9 de l\u2019enfance et du f\u00e9minin. Ou d\u2019observer l\u2019\u00e9lan dynamique que d\u00e9gage <span class=\"C-2\">Le surfeur <\/span>ou l\u2019assurance sereine de <span class=\"C-2\">David<\/span> pour s\u2019enchanter. La simplicit\u00e9 all\u00e9gorique et l\u2019\u00e9vidence de leurs propos font que ces \u0153uvres sont imm\u00e9diatement appr\u00e9ci\u00e9es. Elles mettent de belles humeurs. L\u2019apparence classique des sculptures, avec ces l\u00e9gers d\u00e9calages qui les rendent vivantes et authentiques, permet \u00e0 tout un chacun de s\u2019y reconna\u00eetre, voire de projeter ses aspirations. Les \u0153uvres nous int\u00e9ressent dans la mesure o\u00f9 elles nous \u00e9meuvent et d\u00e9placent nos rep\u00e8res. Elles \u00e9largissent nos horizons, nous rendent un peu plus libres.<\/span><\/p><p class=\"Corps\"><span class=\"C-3\">La Fondation Art for Help a \u00e9t\u00e9 cr\u00e9\u00e9e par Malbine pour venir en aide aux enfants en d\u00e9tresse du monde entier. Elle a aussi pour but de mettre en valeur son \u0153uvre. Ainsi, un film, r\u00e9alis\u00e9 par Maryvonne Gognalons Nicolet, soutenu financi\u00e8rement par la Fondation Leenaards, a \u00e9t\u00e9 publi\u00e9 ainsi qu\u2019un livre, <span class=\"C-2\">Une femme en sculpture, Malbine<\/span> avec des textes de Maryvonne Gognalons Nicolet et de Jacques B\u0153sch, et des photographies Tibio Cascioli, Jean-<wbr \/>Claude Lambercy, Isaac Gigon et Jacques B\u0153sch, est \u00e9dit\u00e9 par l\u2019Association pour le vieillissement cr\u00e9atif &amp; les \u00c9ditions du Scorpion bleu, 2013, avec le soutien de la Loterie Romande. <\/span><\/p><p style=\"text-align: right;\">\u00a0<\/p>\t\t\t\t\t\t\t\t<\/div>\n\t\t\t\t<\/div>\n\t\t\t\t\t<\/div>\n\t\t<\/div>\n\t\t\t\t\t<\/div>\n\t\t<\/section>\n\t\t\t\t<\/div>\n\t\t","protected":false},"excerpt":{"rendered":"<p>Fondation Art for Help\u00a0 \u00a0Route de Moillebin, 5\u00a0 \u00a0 1256 Troinex info@artforhelp.ch \u00a0www.artforhelp.ch +41 79&#8230;<\/p>\n<div class=\"visionwp-site-button\"><a href=\"https:\/\/artforhelp.ch\/wordpressinstal\/fondation\/\" class=\"visionwp-primary-button\">Read More <i class=\"fa fa-long-arrow-right\"><\/i><\/a><\/div>\n","protected":false},"author":1,"featured_media":0,"parent":0,"menu_order":0,"comment_status":"closed","ping_status":"closed","template":"","meta":{"footnotes":""},"class_list":["post-15","page","type-page","status-publish","hentry"],"_links":{"self":[{"href":"https:\/\/artforhelp.ch\/wordpressinstal\/wp-json\/wp\/v2\/pages\/15","targetHints":{"allow":["GET"]}}],"collection":[{"href":"https:\/\/artforhelp.ch\/wordpressinstal\/wp-json\/wp\/v2\/pages"}],"about":[{"href":"https:\/\/artforhelp.ch\/wordpressinstal\/wp-json\/wp\/v2\/types\/page"}],"author":[{"embeddable":true,"href":"https:\/\/artforhelp.ch\/wordpressinstal\/wp-json\/wp\/v2\/users\/1"}],"replies":[{"embeddable":true,"href":"https:\/\/artforhelp.ch\/wordpressinstal\/wp-json\/wp\/v2\/comments?post=15"}],"version-history":[{"count":105,"href":"https:\/\/artforhelp.ch\/wordpressinstal\/wp-json\/wp\/v2\/pages\/15\/revisions"}],"predecessor-version":[{"id":1524,"href":"https:\/\/artforhelp.ch\/wordpressinstal\/wp-json\/wp\/v2\/pages\/15\/revisions\/1524"}],"wp:attachment":[{"href":"https:\/\/artforhelp.ch\/wordpressinstal\/wp-json\/wp\/v2\/media?parent=15"}],"curies":[{"name":"wp","href":"https:\/\/api.w.org\/{rel}","templated":true}]}}