{"id":13,"date":"2022-07-13T10:38:12","date_gmt":"2022-07-13T10:38:12","guid":{"rendered":"https:\/\/artforhelp.ch\/wordpressinstal\/?page_id=13"},"modified":"2025-07-30T19:33:34","modified_gmt":"2025-07-30T19:33:34","slug":"oeuvres","status":"publish","type":"page","link":"https:\/\/artforhelp.ch\/wordpressinstal\/oeuvres\/","title":{"rendered":"\u0152uvres"},"content":{"rendered":"\t\t<div data-elementor-type=\"wp-page\" data-elementor-id=\"13\" class=\"elementor elementor-13\">\n\t\t\t\t\t\t<section class=\"elementor-section elementor-top-section elementor-element elementor-element-804de7a elementor-section-content-middle elementor-section-boxed elementor-section-height-default elementor-section-height-default\" data-id=\"804de7a\" data-element_type=\"section\" data-e-type=\"section\">\n\t\t\t\t\t\t<div class=\"elementor-container elementor-column-gap-default\">\n\t\t\t\t\t<div class=\"elementor-column elementor-col-66 elementor-top-column elementor-element elementor-element-060d039\" data-id=\"060d039\" data-element_type=\"column\" data-e-type=\"column\">\n\t\t\t<div class=\"elementor-widget-wrap elementor-element-populated\">\n\t\t\t\t\t\t<div class=\"elementor-element elementor-element-095e1a3 elementor-widget elementor-widget-image\" data-id=\"095e1a3\" data-element_type=\"widget\" data-e-type=\"widget\" data-widget_type=\"image.default\">\n\t\t\t\t<div class=\"elementor-widget-container\">\n\t\t\t\t\t\t\t\t\t\t\t\t\t\t\t<img fetchpriority=\"high\" decoding=\"async\" width=\"640\" height=\"452\" src=\"https:\/\/artforhelp.ch\/wordpressinstal\/wp-content\/uploads\/2025\/07\/plan-statues-de-Malbine-juin-2025-1024x723.jpeg\" class=\"attachment-large size-large wp-image-1302\" alt=\"\" srcset=\"https:\/\/artforhelp.ch\/wordpressinstal\/wp-content\/uploads\/2025\/07\/plan-statues-de-Malbine-juin-2025-1024x723.jpeg 1024w, https:\/\/artforhelp.ch\/wordpressinstal\/wp-content\/uploads\/2025\/07\/plan-statues-de-Malbine-juin-2025-300x212.jpeg 300w, https:\/\/artforhelp.ch\/wordpressinstal\/wp-content\/uploads\/2025\/07\/plan-statues-de-Malbine-juin-2025-768x542.jpeg 768w, https:\/\/artforhelp.ch\/wordpressinstal\/wp-content\/uploads\/2025\/07\/plan-statues-de-Malbine-juin-2025.jpeg 1120w\" sizes=\"(max-width: 640px) 100vw, 640px\" \/>\t\t\t\t\t\t\t\t\t\t\t\t\t\t\t<\/div>\n\t\t\t\t<\/div>\n\t\t\t\t\t<\/div>\n\t\t<\/div>\n\t\t\t\t<div class=\"elementor-column elementor-col-33 elementor-top-column elementor-element elementor-element-aec4931\" data-id=\"aec4931\" data-element_type=\"column\" data-e-type=\"column\">\n\t\t\t<div class=\"elementor-widget-wrap elementor-element-populated\">\n\t\t\t\t\t\t<div class=\"elementor-element elementor-element-2e8b025 elementor-widget elementor-widget-text-editor\" data-id=\"2e8b025\" data-element_type=\"widget\" data-e-type=\"widget\" data-widget_type=\"text-editor.default\">\n\t\t\t\t<div class=\"elementor-widget-container\">\n\t\t\t\t\t\t\t\t\t<h3><span style=\"color: #3770e6;\"><strong>Sculptures expos\u00e9es dans le Canton de Gen\u00e8ve<\/strong><\/span><\/h3><p>T\u00e9l\u00e9chargez l\u2019application \u00ab Zada \u00bb pour en apprendre plus lors de votre d\u00e9couverte des sculptures de Malbine \u00e0 Gen\u00e8ve.<\/p><p>T\u00e9l\u00e9chargement \u00ab \u00c0 la d\u00e9couverte des sculptures de Malbine \u00bb en cliquant <a href=\"https:\/\/artforhelp.ch\/wordpressinstal\/wp-content\/uploads\/2025\/07\/depliant-a-la-decouverte-des-sculptures-de-Malbine-06.2025.pdf\">ici<\/a>.<\/p><p>Click <a href=\"https:\/\/artforhelp.ch\/wordpressinstal\/wp-content\/uploads\/2025\/07\/depliant-a-la-decouverte-des-sculptures-de-Malbine-06.2025-Anglais-2.pdf\">here<\/a> to download de map-guide \u00ab Discover Malbine\u2019s sculptures \u00bb<\/p>\t\t\t\t\t\t\t\t<\/div>\n\t\t\t\t<\/div>\n\t\t\t\t\t<\/div>\n\t\t<\/div>\n\t\t\t\t\t<\/div>\n\t\t<\/section>\n\t\t\t\t<section class=\"elementor-section elementor-top-section elementor-element elementor-element-60cca11 elementor-section-content-middle elementor-section-boxed elementor-section-height-default elementor-section-height-default\" data-id=\"60cca11\" data-element_type=\"section\" data-e-type=\"section\">\n\t\t\t\t\t\t<div class=\"elementor-container elementor-column-gap-default\">\n\t\t\t\t\t<div class=\"elementor-column elementor-col-100 elementor-top-column elementor-element elementor-element-9606963\" data-id=\"9606963\" data-element_type=\"column\" data-e-type=\"column\">\n\t\t\t<div class=\"elementor-widget-wrap elementor-element-populated\">\n\t\t\t\t\t\t<section class=\"elementor-section elementor-inner-section elementor-element elementor-element-c13b052 elementor-section-content-middle elementor-section-boxed elementor-section-height-default elementor-section-height-default\" data-id=\"c13b052\" data-element_type=\"section\" data-e-type=\"section\">\n\t\t\t\t\t\t<div class=\"elementor-container elementor-column-gap-default\">\n\t\t\t\t\t<div class=\"elementor-column elementor-col-33 elementor-inner-column elementor-element elementor-element-46ad8a7\" data-id=\"46ad8a7\" data-element_type=\"column\" data-e-type=\"column\">\n\t\t\t<div class=\"elementor-widget-wrap elementor-element-populated\">\n\t\t\t\t\t\t<div class=\"elementor-element elementor-element-11783ba elementor-widget elementor-widget-text-editor\" data-id=\"11783ba\" data-element_type=\"widget\" data-e-type=\"widget\" data-widget_type=\"text-editor.default\">\n\t\t\t\t<div class=\"elementor-widget-container\">\n\t\t\t\t\t\t\t\t\t<h3 class=\"Corps P-6\"><span style=\"color: #3770e6;\"><strong><span class=\"C-8\">Exposition au Signal de Bougy<\/span><\/strong><\/span><\/h3><p class=\"Corps P-8\"><span class=\"C-10\">En \u00e9troite collaboration avec la Fondation Pr\u00e9 Vert,\u00a0<\/span><span class=\"C-10\">la Fondation Art for Help expose 39 \u0153uvres de Malbine <\/span><span class=\"C-10\">au Signal de Bougy.<\/span><\/p><p class=\"Corps P-9\"><span class=\"C-11\">L\u2019exposition est ouverte <\/span><span class=\"C-11\">tous les jours, de 9 \u00e0 18h\u00a0<\/span><span class=\"C-11\">du 4 mars au 30 novembre. <\/span><\/p><p class=\"Corps P-9\"><span class=\"C-11\">Renseignements : <a href=\"tel:058 568 31 50\">058 568 31 50<\/a><\/span><\/p>\t\t\t\t\t\t\t\t<\/div>\n\t\t\t\t<\/div>\n\t\t\t\t\t<\/div>\n\t\t<\/div>\n\t\t\t\t<div class=\"elementor-column elementor-col-66 elementor-inner-column elementor-element elementor-element-141dad7\" data-id=\"141dad7\" data-element_type=\"column\" data-e-type=\"column\">\n\t\t\t<div class=\"elementor-widget-wrap elementor-element-populated\">\n\t\t\t\t\t\t<div class=\"elementor-element elementor-element-865cf9b elementor-widget elementor-widget-image\" data-id=\"865cf9b\" data-element_type=\"widget\" data-e-type=\"widget\" data-widget_type=\"image.default\">\n\t\t\t\t<div class=\"elementor-widget-container\">\n\t\t\t\t\t\t\t\t\t\t\t\t\t\t\t<img decoding=\"async\" width=\"411\" height=\"275\" src=\"https:\/\/artforhelp.ch\/wordpressinstal\/wp-content\/uploads\/2022\/07\/34B4A8EA-4CFF-4235-868C-6214A46FBB22.jpeg\" class=\"attachment-1536x1536 size-1536x1536 wp-image-80\" alt=\"\" srcset=\"https:\/\/artforhelp.ch\/wordpressinstal\/wp-content\/uploads\/2022\/07\/34B4A8EA-4CFF-4235-868C-6214A46FBB22.jpeg 411w, https:\/\/artforhelp.ch\/wordpressinstal\/wp-content\/uploads\/2022\/07\/34B4A8EA-4CFF-4235-868C-6214A46FBB22-300x201.jpeg 300w\" sizes=\"(max-width: 411px) 100vw, 411px\" \/>\t\t\t\t\t\t\t\t\t\t\t\t\t\t\t<\/div>\n\t\t\t\t<\/div>\n\t\t\t\t\t<\/div>\n\t\t<\/div>\n\t\t\t\t\t<\/div>\n\t\t<\/section>\n\t\t\t\t\t<\/div>\n\t\t<\/div>\n\t\t\t\t\t<\/div>\n\t\t<\/section>\n\t\t\t\t<section class=\"elementor-section elementor-top-section elementor-element elementor-element-296fa62 elementor-section-boxed elementor-section-height-default elementor-section-height-default\" data-id=\"296fa62\" data-element_type=\"section\" data-e-type=\"section\">\n\t\t\t\t\t\t<div class=\"elementor-container elementor-column-gap-default\">\n\t\t\t\t\t<div class=\"elementor-column elementor-col-100 elementor-top-column elementor-element elementor-element-be58282\" data-id=\"be58282\" data-element_type=\"column\" data-e-type=\"column\">\n\t\t\t<div class=\"elementor-widget-wrap elementor-element-populated\">\n\t\t\t\t\t\t<div class=\"elementor-element elementor-element-67e2d1e elementor-widget elementor-widget-text-editor\" data-id=\"67e2d1e\" data-element_type=\"widget\" data-e-type=\"widget\" data-widget_type=\"text-editor.default\">\n\t\t\t\t<div class=\"elementor-widget-container\">\n\t\t\t\t\t\t\t\t\t<h3><span style=\"color: #3770e6;\"><strong>Exposition \u00e0 Ha\u00effa en Isra\u00ebl<\/strong><\/span><\/h3><p>29 sculptures de Malbine sont expos\u00e9es dans le parc de\u00a0<span class=\"C-3\">\u00abMitzpor Shalom\u00bb\u00a0<\/span><span class=\"C-3\">ou \u00abDonjon de la Paix\u00bb \u00e0 Ha\u00effa en Isra\u00ebl.<\/span><\/p>\t\t\t\t\t\t\t\t<\/div>\n\t\t\t\t<\/div>\n\t\t\t\t\t<\/div>\n\t\t<\/div>\n\t\t\t\t\t<\/div>\n\t\t<\/section>\n\t\t\t\t<section class=\"elementor-section elementor-top-section elementor-element elementor-element-f765788 elementor-section-boxed elementor-section-height-default elementor-section-height-default\" data-id=\"f765788\" data-element_type=\"section\" data-e-type=\"section\">\n\t\t\t\t\t\t<div class=\"elementor-container elementor-column-gap-default\">\n\t\t\t\t\t<div class=\"elementor-column elementor-col-100 elementor-top-column elementor-element elementor-element-597f423\" data-id=\"597f423\" data-element_type=\"column\" data-e-type=\"column\">\n\t\t\t<div class=\"elementor-widget-wrap elementor-element-populated\">\n\t\t\t\t\t\t<div class=\"elementor-element elementor-element-0e96dda elementor-widget elementor-widget-text-editor\" data-id=\"0e96dda\" data-element_type=\"widget\" data-e-type=\"widget\" data-widget_type=\"text-editor.default\">\n\t\t\t\t<div class=\"elementor-widget-container\">\n\t\t\t\t\t\t\t\t\t<h3><span style=\"color: #3770e6;\"><strong>Zoom sur une s\u00e9lection de sculptures<\/strong><\/span><\/h3>\t\t\t\t\t\t\t\t<\/div>\n\t\t\t\t<\/div>\n\t\t\t\t\t<\/div>\n\t\t<\/div>\n\t\t\t\t\t<\/div>\n\t\t<\/section>\n\t\t\t\t<section class=\"elementor-section elementor-top-section elementor-element elementor-element-89fcd7d elementor-section-boxed elementor-section-height-default elementor-section-height-default\" data-id=\"89fcd7d\" data-element_type=\"section\" data-e-type=\"section\">\n\t\t\t\t\t\t<div class=\"elementor-container elementor-column-gap-default\">\n\t\t\t\t\t<div class=\"elementor-column elementor-col-100 elementor-top-column elementor-element elementor-element-2ebcc4e\" data-id=\"2ebcc4e\" data-element_type=\"column\" data-e-type=\"column\">\n\t\t\t<div class=\"elementor-widget-wrap\">\n\t\t\t\t\t\t\t<\/div>\n\t\t<\/div>\n\t\t\t\t\t<\/div>\n\t\t<\/section>\n\t\t\t\t<section class=\"elementor-section elementor-top-section elementor-element elementor-element-02a82de elementor-section-boxed elementor-section-height-default elementor-section-height-default\" data-id=\"02a82de\" data-element_type=\"section\" data-e-type=\"section\">\n\t\t\t\t\t\t<div class=\"elementor-container elementor-column-gap-default\">\n\t\t\t\t\t<div class=\"elementor-column elementor-col-100 elementor-top-column elementor-element elementor-element-a305509\" data-id=\"a305509\" data-element_type=\"column\" data-e-type=\"column\">\n\t\t\t<div class=\"elementor-widget-wrap elementor-element-populated\">\n\t\t\t\t\t\t<div class=\"elementor-element elementor-element-5e956b6 elementor-widget elementor-widget-text-editor\" data-id=\"5e956b6\" data-element_type=\"widget\" data-e-type=\"widget\" data-widget_type=\"text-editor.default\">\n\t\t\t\t<div class=\"elementor-widget-container\">\n\t\t\t\t\t\t\t\t\t<h3><span style=\"color: #3770e6;\"><strong>Exposition r\u00e9alis\u00e9es<\/strong><\/span><\/h3><ul><li>Expositions collectives dans le cadre de l\u2019Association professionnelle des Sculpteurs de Gen\u00e8ve \u00a0\u00a0\u00a0en 1957, 1959, 1961, 1962 &#8230;<\/li><li>Expositions collectives dans le cadre de la Soci\u00e9t\u00e9 suisse des femmes peintres et sculpteurs \u00a0\u00e0 Lucerne, Gen\u00e8ve, Zurich, Bienne, Montreux \u2026<\/li><li>Exposition collective \u00ab Le couloir \u00bb \u00e0 Yverdon en 1963<\/li><li>Exposition permanente, d\u00e8s 1978, d\u2019une trentaine de statues dans le Parc \u00abMitzpor Shalom\u00bb\u00a0ou \u00abDonjon de la Paix\u00bb d\u2019Ha\u00effa, consacr\u00e9 pour la premi\u00e8re fois dans le monde, exclusivement \u00a0\u00a0aux \u0153uvres d\u2019une seule artiste<\/li><li>Exposition r\u00e9trospective consacr\u00e9e \u00e0 Malbine au Jardin botanique de Gen\u00e8ve en 1987<\/li><li>Exposition de 2004 \u00e0 2012 d\u2019une dizaine de sculptures aux Bains de Cressy\u00a0(Confignon, Gen\u00e8ve)<\/li><li>Quinze sculptures de Malbine sont expos\u00e9es dans le cadre de la Journ\u00e9e de Penthes du 17 septembre 2011<\/li><li>Exposition de 2013 \u00e0 2015 de 40 bronzes dans les parcs autour de la Mairie de Troinex<\/li><li>Malbine re\u00e7oit le m\u00e9rite troinesien en 2014<\/li><li>Exposition, d\u00e8s novembre 2015, de 39 bronzes au Signal de Bougy<\/li><li>Le parc du centre de d\u00e9veloppement de l\u2019enfant des H\u00f4pitaux universitaires de Gen\u00e8ve accueille Eve et Maternit\u00e9, deux sculptures de Malbine depuis le 19 mars 2018<\/li><\/ul><p>Ses \u0153uvres, destin\u00e9es \u00e0 \u00eatre expos\u00e9es en plein air, peuvent \u00e9galement \u00eatre aper\u00e7ues dans de nombreux espaces, publics ou priv\u00e9s, de villes suisses ou \u00e9trang\u00e8res, notamment en Am\u00e9rique<\/p>\t\t\t\t\t\t\t\t<\/div>\n\t\t\t\t<\/div>\n\t\t\t\t<div class=\"elementor-element elementor-element-f3d032a elementor-widget elementor-widget-image-gallery\" data-id=\"f3d032a\" data-element_type=\"widget\" data-e-type=\"widget\" data-widget_type=\"image-gallery.default\">\n\t\t\t\t<div class=\"elementor-widget-container\">\n\t\t\t\t\t\t\t<div class=\"elementor-image-gallery\">\n\t\t\t<div id='gallery-1' class='gallery galleryid-13 gallery-columns-3 gallery-size-medium'><figure class='gallery-item'>\n\t\t\t<div class='gallery-icon landscape'>\n\t\t\t\t<a data-elementor-open-lightbox=\"yes\" data-elementor-lightbox-slideshow=\"f3d032a\" data-elementor-lightbox-title=\"Malbine\" data-e-action-hash=\"#elementor-action%3Aaction%3Dlightbox%26settings%3DeyJpZCI6OTUzLCJ1cmwiOiJodHRwczpcL1wvYXJ0Zm9yaGVscC5jaFwvd29yZHByZXNzaW5zdGFsXC93cC1jb250ZW50XC91cGxvYWRzXC8yMDI0XC8wM1wvUGhvdG9fbWFsYmluZTMtMS1zY2FsZWQuanBnIiwic2xpZGVzaG93IjoiZjNkMDMyYSJ9\" href='https:\/\/artforhelp.ch\/wordpressinstal\/wp-content\/uploads\/2024\/03\/Photo_malbine3-1-scaled.jpg'><img decoding=\"async\" width=\"300\" height=\"200\" src=\"https:\/\/artforhelp.ch\/wordpressinstal\/wp-content\/uploads\/2024\/03\/Photo_malbine3-1-300x200.jpg\" class=\"attachment-medium size-medium\" alt=\"Baigneuse avec draperie, 1973\" aria-describedby=\"gallery-1-953\" srcset=\"https:\/\/artforhelp.ch\/wordpressinstal\/wp-content\/uploads\/2024\/03\/Photo_malbine3-1-300x200.jpg 300w, https:\/\/artforhelp.ch\/wordpressinstal\/wp-content\/uploads\/2024\/03\/Photo_malbine3-1-1024x683.jpg 1024w, https:\/\/artforhelp.ch\/wordpressinstal\/wp-content\/uploads\/2024\/03\/Photo_malbine3-1-768x512.jpg 768w, https:\/\/artforhelp.ch\/wordpressinstal\/wp-content\/uploads\/2024\/03\/Photo_malbine3-1-1536x1024.jpg 1536w, https:\/\/artforhelp.ch\/wordpressinstal\/wp-content\/uploads\/2024\/03\/Photo_malbine3-1-2048x1365.jpg 2048w\" sizes=\"(max-width: 300px) 100vw, 300px\" \/><\/a>\n\t\t\t<\/div>\n\t\t\t\t<figcaption class='wp-caption-text gallery-caption' id='gallery-1-953'>\n\t\t\t\tBaigneuse avec draperie, 1973\n\t\t\t\t<\/figcaption><\/figure><figure class='gallery-item'>\n\t\t\t<div class='gallery-icon landscape'>\n\t\t\t\t<a data-elementor-open-lightbox=\"yes\" data-elementor-lightbox-slideshow=\"f3d032a\" data-elementor-lightbox-title=\"Malbine\" data-e-action-hash=\"#elementor-action%3Aaction%3Dlightbox%26settings%3DeyJpZCI6OTQxLCJ1cmwiOiJodHRwczpcL1wvYXJ0Zm9yaGVscC5jaFwvd29yZHByZXNzaW5zdGFsXC93cC1jb250ZW50XC91cGxvYWRzXC8yMDI0XC8wM1wvUGhvdG9fbWFsYmluZTMzLXNjYWxlZC5qcGciLCJzbGlkZXNob3ciOiJmM2QwMzJhIn0%3D\" href='https:\/\/artforhelp.ch\/wordpressinstal\/wp-content\/uploads\/2024\/03\/Photo_malbine33-scaled.jpg'><img loading=\"lazy\" decoding=\"async\" width=\"300\" height=\"200\" src=\"https:\/\/artforhelp.ch\/wordpressinstal\/wp-content\/uploads\/2024\/03\/Photo_malbine33-300x200.jpg\" class=\"attachment-medium size-medium\" alt=\"Femme se coiffant, 1972\" aria-describedby=\"gallery-1-941\" srcset=\"https:\/\/artforhelp.ch\/wordpressinstal\/wp-content\/uploads\/2024\/03\/Photo_malbine33-300x200.jpg 300w, https:\/\/artforhelp.ch\/wordpressinstal\/wp-content\/uploads\/2024\/03\/Photo_malbine33-1024x683.jpg 1024w, https:\/\/artforhelp.ch\/wordpressinstal\/wp-content\/uploads\/2024\/03\/Photo_malbine33-768x512.jpg 768w, https:\/\/artforhelp.ch\/wordpressinstal\/wp-content\/uploads\/2024\/03\/Photo_malbine33-1536x1024.jpg 1536w, https:\/\/artforhelp.ch\/wordpressinstal\/wp-content\/uploads\/2024\/03\/Photo_malbine33-2048x1365.jpg 2048w\" sizes=\"(max-width: 300px) 100vw, 300px\" \/><\/a>\n\t\t\t<\/div>\n\t\t\t\t<figcaption class='wp-caption-text gallery-caption' id='gallery-1-941'>\n\t\t\t\tFemme se coiffant, 1972\n\t\t\t\t<\/figcaption><\/figure><figure class='gallery-item'>\n\t\t\t<div class='gallery-icon landscape'>\n\t\t\t\t<a data-elementor-open-lightbox=\"yes\" data-elementor-lightbox-slideshow=\"f3d032a\" data-elementor-lightbox-title=\"Malbine\" data-e-action-hash=\"#elementor-action%3Aaction%3Dlightbox%26settings%3DeyJpZCI6OTMxLCJ1cmwiOiJodHRwczpcL1wvYXJ0Zm9yaGVscC5jaFwvd29yZHByZXNzaW5zdGFsXC93cC1jb250ZW50XC91cGxvYWRzXC8yMDI0XC8wM1wvUGhvdG9fbWFsYmluZTIwLXNjYWxlZC5qcGciLCJzbGlkZXNob3ciOiJmM2QwMzJhIn0%3D\" href='https:\/\/artforhelp.ch\/wordpressinstal\/wp-content\/uploads\/2024\/03\/Photo_malbine20-scaled.jpg'><img loading=\"lazy\" decoding=\"async\" width=\"300\" height=\"200\" src=\"https:\/\/artforhelp.ch\/wordpressinstal\/wp-content\/uploads\/2024\/03\/Photo_malbine20-300x200.jpg\" class=\"attachment-medium size-medium\" alt=\"Fille \u00e0 l\u2019oiseau (assise), 1968\" aria-describedby=\"gallery-1-931\" srcset=\"https:\/\/artforhelp.ch\/wordpressinstal\/wp-content\/uploads\/2024\/03\/Photo_malbine20-300x200.jpg 300w, https:\/\/artforhelp.ch\/wordpressinstal\/wp-content\/uploads\/2024\/03\/Photo_malbine20-1024x683.jpg 1024w, https:\/\/artforhelp.ch\/wordpressinstal\/wp-content\/uploads\/2024\/03\/Photo_malbine20-768x512.jpg 768w, https:\/\/artforhelp.ch\/wordpressinstal\/wp-content\/uploads\/2024\/03\/Photo_malbine20-1536x1024.jpg 1536w, https:\/\/artforhelp.ch\/wordpressinstal\/wp-content\/uploads\/2024\/03\/Photo_malbine20-2048x1365.jpg 2048w\" sizes=\"(max-width: 300px) 100vw, 300px\" \/><\/a>\n\t\t\t<\/div>\n\t\t\t\t<figcaption class='wp-caption-text gallery-caption' id='gallery-1-931'>\n\t\t\t\tFille \u00e0 l\u2019oiseau (assise), 1968\n\t\t\t\t<\/figcaption><\/figure><figure class='gallery-item'>\n\t\t\t<div class='gallery-icon landscape'>\n\t\t\t\t<a data-elementor-open-lightbox=\"yes\" data-elementor-lightbox-slideshow=\"f3d032a\" data-elementor-lightbox-title=\"Malbine\" data-e-action-hash=\"#elementor-action%3Aaction%3Dlightbox%26settings%3DeyJpZCI6OTQ1LCJ1cmwiOiJodHRwczpcL1wvYXJ0Zm9yaGVscC5jaFwvd29yZHByZXNzaW5zdGFsXC93cC1jb250ZW50XC91cGxvYWRzXC8yMDI0XC8wM1wvUGhvdG9fbWFsYmluZTQtc2NhbGVkLmpwZyIsInNsaWRlc2hvdyI6ImYzZDAzMmEifQ%3D%3D\" href='https:\/\/artforhelp.ch\/wordpressinstal\/wp-content\/uploads\/2024\/03\/Photo_malbine4-scaled.jpg'><img loading=\"lazy\" decoding=\"async\" width=\"300\" height=\"200\" src=\"https:\/\/artforhelp.ch\/wordpressinstal\/wp-content\/uploads\/2024\/03\/Photo_malbine4-300x200.jpg\" class=\"attachment-medium size-medium\" alt=\"Maternit\u00e9 debout, 1977\" aria-describedby=\"gallery-1-945\" srcset=\"https:\/\/artforhelp.ch\/wordpressinstal\/wp-content\/uploads\/2024\/03\/Photo_malbine4-300x200.jpg 300w, https:\/\/artforhelp.ch\/wordpressinstal\/wp-content\/uploads\/2024\/03\/Photo_malbine4-1024x683.jpg 1024w, https:\/\/artforhelp.ch\/wordpressinstal\/wp-content\/uploads\/2024\/03\/Photo_malbine4-768x512.jpg 768w, https:\/\/artforhelp.ch\/wordpressinstal\/wp-content\/uploads\/2024\/03\/Photo_malbine4-1536x1024.jpg 1536w, https:\/\/artforhelp.ch\/wordpressinstal\/wp-content\/uploads\/2024\/03\/Photo_malbine4-2048x1365.jpg 2048w\" sizes=\"(max-width: 300px) 100vw, 300px\" \/><\/a>\n\t\t\t<\/div>\n\t\t\t\t<figcaption class='wp-caption-text gallery-caption' id='gallery-1-945'>\n\t\t\t\tMaternit\u00e9 debout, 1977\n\t\t\t\t<\/figcaption><\/figure><figure class='gallery-item'>\n\t\t\t<div class='gallery-icon landscape'>\n\t\t\t\t<a data-elementor-open-lightbox=\"yes\" data-elementor-lightbox-slideshow=\"f3d032a\" data-elementor-lightbox-title=\"Malbine\" data-e-action-hash=\"#elementor-action%3Aaction%3Dlightbox%26settings%3DeyJpZCI6OTMyLCJ1cmwiOiJodHRwczpcL1wvYXJ0Zm9yaGVscC5jaFwvd29yZHByZXNzaW5zdGFsXC93cC1jb250ZW50XC91cGxvYWRzXC8yMDI0XC8wM1wvUGhvdG9fbWFsYmluZTIxLXNjYWxlZC5qcGciLCJzbGlkZXNob3ciOiJmM2QwMzJhIn0%3D\" href='https:\/\/artforhelp.ch\/wordpressinstal\/wp-content\/uploads\/2024\/03\/Photo_malbine21-scaled.jpg'><img loading=\"lazy\" decoding=\"async\" width=\"300\" height=\"200\" src=\"https:\/\/artforhelp.ch\/wordpressinstal\/wp-content\/uploads\/2024\/03\/Photo_malbine21-300x200.jpg\" class=\"attachment-medium size-medium\" alt=\"Fille au poisson, 1958\" aria-describedby=\"gallery-1-932\" srcset=\"https:\/\/artforhelp.ch\/wordpressinstal\/wp-content\/uploads\/2024\/03\/Photo_malbine21-300x200.jpg 300w, https:\/\/artforhelp.ch\/wordpressinstal\/wp-content\/uploads\/2024\/03\/Photo_malbine21-1024x683.jpg 1024w, https:\/\/artforhelp.ch\/wordpressinstal\/wp-content\/uploads\/2024\/03\/Photo_malbine21-768x512.jpg 768w, https:\/\/artforhelp.ch\/wordpressinstal\/wp-content\/uploads\/2024\/03\/Photo_malbine21-1536x1024.jpg 1536w, https:\/\/artforhelp.ch\/wordpressinstal\/wp-content\/uploads\/2024\/03\/Photo_malbine21-2048x1365.jpg 2048w\" sizes=\"(max-width: 300px) 100vw, 300px\" \/><\/a>\n\t\t\t<\/div>\n\t\t\t\t<figcaption class='wp-caption-text gallery-caption' id='gallery-1-932'>\n\t\t\t\tFille au poisson, 1958\n\t\t\t\t<\/figcaption><\/figure><figure class='gallery-item'>\n\t\t\t<div class='gallery-icon landscape'>\n\t\t\t\t<a data-elementor-open-lightbox=\"yes\" data-elementor-lightbox-slideshow=\"f3d032a\" data-elementor-lightbox-title=\"Malbine\" data-e-action-hash=\"#elementor-action%3Aaction%3Dlightbox%26settings%3DeyJpZCI6OTA2LCJ1cmwiOiJodHRwczpcL1wvYXJ0Zm9yaGVscC5jaFwvd29yZHByZXNzaW5zdGFsXC93cC1jb250ZW50XC91cGxvYWRzXC8yMDI0XC8wM1wvUGhvdG9fbWFsYmluZTEzLXNjYWxlZC1lMTcxMDk2MTE1MDMwNy5qcGciLCJzbGlkZXNob3ciOiJmM2QwMzJhIn0%3D\" href='https:\/\/artforhelp.ch\/wordpressinstal\/wp-content\/uploads\/2024\/03\/Photo_malbine13-scaled-e1710961150307.jpg'><img loading=\"lazy\" decoding=\"async\" width=\"300\" height=\"234\" src=\"https:\/\/artforhelp.ch\/wordpressinstal\/wp-content\/uploads\/2024\/03\/Photo_malbine13-scaled-e1710961150307-300x234.jpg\" class=\"attachment-medium size-medium\" alt=\"Surfeur, 1988\" aria-describedby=\"gallery-1-906\" srcset=\"https:\/\/artforhelp.ch\/wordpressinstal\/wp-content\/uploads\/2024\/03\/Photo_malbine13-scaled-e1710961150307-300x234.jpg 300w, https:\/\/artforhelp.ch\/wordpressinstal\/wp-content\/uploads\/2024\/03\/Photo_malbine13-scaled-e1710961150307-1024x799.jpg 1024w, https:\/\/artforhelp.ch\/wordpressinstal\/wp-content\/uploads\/2024\/03\/Photo_malbine13-scaled-e1710961150307-768x600.jpg 768w, https:\/\/artforhelp.ch\/wordpressinstal\/wp-content\/uploads\/2024\/03\/Photo_malbine13-scaled-e1710961150307-1536x1199.jpg 1536w, https:\/\/artforhelp.ch\/wordpressinstal\/wp-content\/uploads\/2024\/03\/Photo_malbine13-scaled-e1710961150307-2048x1599.jpg 2048w\" sizes=\"(max-width: 300px) 100vw, 300px\" \/><\/a>\n\t\t\t<\/div>\n\t\t\t\t<figcaption class='wp-caption-text gallery-caption' id='gallery-1-906'>\n\t\t\t\tSurfeur, 1988\n\t\t\t\t<\/figcaption><\/figure><figure class='gallery-item'>\n\t\t\t<div class='gallery-icon landscape'>\n\t\t\t\t<a data-elementor-open-lightbox=\"yes\" data-elementor-lightbox-slideshow=\"f3d032a\" data-elementor-lightbox-title=\"Malbine\" data-e-action-hash=\"#elementor-action%3Aaction%3Dlightbox%26settings%3DeyJpZCI6OTU1LCJ1cmwiOiJodHRwczpcL1wvYXJ0Zm9yaGVscC5jaFwvd29yZHByZXNzaW5zdGFsXC93cC1jb250ZW50XC91cGxvYWRzXC8yMDI0XC8wM1wvUGhvdG9fbWFsYmluZTg3LXNjYWxlZC5qcGciLCJzbGlkZXNob3ciOiJmM2QwMzJhIn0%3D\" href='https:\/\/artforhelp.ch\/wordpressinstal\/wp-content\/uploads\/2024\/03\/Photo_malbine87-scaled.jpg'><img loading=\"lazy\" decoding=\"async\" width=\"300\" height=\"225\" src=\"https:\/\/artforhelp.ch\/wordpressinstal\/wp-content\/uploads\/2024\/03\/Photo_malbine87-300x225.jpg\" class=\"attachment-medium size-medium\" alt=\"Lion, 1990\" aria-describedby=\"gallery-1-955\" srcset=\"https:\/\/artforhelp.ch\/wordpressinstal\/wp-content\/uploads\/2024\/03\/Photo_malbine87-300x225.jpg 300w, https:\/\/artforhelp.ch\/wordpressinstal\/wp-content\/uploads\/2024\/03\/Photo_malbine87-1024x768.jpg 1024w, https:\/\/artforhelp.ch\/wordpressinstal\/wp-content\/uploads\/2024\/03\/Photo_malbine87-768x576.jpg 768w, https:\/\/artforhelp.ch\/wordpressinstal\/wp-content\/uploads\/2024\/03\/Photo_malbine87-1536x1152.jpg 1536w, https:\/\/artforhelp.ch\/wordpressinstal\/wp-content\/uploads\/2024\/03\/Photo_malbine87-2048x1536.jpg 2048w\" sizes=\"(max-width: 300px) 100vw, 300px\" \/><\/a>\n\t\t\t<\/div>\n\t\t\t\t<figcaption class='wp-caption-text gallery-caption' id='gallery-1-955'>\n\t\t\t\tLion, 1990\n\t\t\t\t<\/figcaption><\/figure><figure class='gallery-item'>\n\t\t\t<div class='gallery-icon landscape'>\n\t\t\t\t<a data-elementor-open-lightbox=\"yes\" data-elementor-lightbox-slideshow=\"f3d032a\" data-elementor-lightbox-title=\"Malbine\" data-e-action-hash=\"#elementor-action%3Aaction%3Dlightbox%26settings%3DeyJpZCI6OTU2LCJ1cmwiOiJodHRwczpcL1wvYXJ0Zm9yaGVscC5jaFwvd29yZHByZXNzaW5zdGFsXC93cC1jb250ZW50XC91cGxvYWRzXC8yMDI0XC8wM1wvUGhvdG9fbWFsYmluZTE1LTEtc2NhbGVkLmpwZyIsInNsaWRlc2hvdyI6ImYzZDAzMmEifQ%3D%3D\" href='https:\/\/artforhelp.ch\/wordpressinstal\/wp-content\/uploads\/2024\/03\/Photo_malbine15-1-scaled.jpg'><img loading=\"lazy\" decoding=\"async\" width=\"300\" height=\"200\" src=\"https:\/\/artforhelp.ch\/wordpressinstal\/wp-content\/uploads\/2024\/03\/Photo_malbine15-1-300x200.jpg\" class=\"attachment-medium size-medium\" alt=\"Fille couch\u00e9e sur le ventre, 1989\" aria-describedby=\"gallery-1-956\" srcset=\"https:\/\/artforhelp.ch\/wordpressinstal\/wp-content\/uploads\/2024\/03\/Photo_malbine15-1-300x200.jpg 300w, https:\/\/artforhelp.ch\/wordpressinstal\/wp-content\/uploads\/2024\/03\/Photo_malbine15-1-1024x683.jpg 1024w, https:\/\/artforhelp.ch\/wordpressinstal\/wp-content\/uploads\/2024\/03\/Photo_malbine15-1-768x512.jpg 768w, https:\/\/artforhelp.ch\/wordpressinstal\/wp-content\/uploads\/2024\/03\/Photo_malbine15-1-1536x1024.jpg 1536w, https:\/\/artforhelp.ch\/wordpressinstal\/wp-content\/uploads\/2024\/03\/Photo_malbine15-1-2048x1365.jpg 2048w\" sizes=\"(max-width: 300px) 100vw, 300px\" \/><\/a>\n\t\t\t<\/div>\n\t\t\t\t<figcaption class='wp-caption-text gallery-caption' id='gallery-1-956'>\n\t\t\t\tFille couch\u00e9e sur le ventre, 1989\n\t\t\t\t<\/figcaption><\/figure><figure class='gallery-item'>\n\t\t\t<div class='gallery-icon landscape'>\n\t\t\t\t<a data-elementor-open-lightbox=\"yes\" data-elementor-lightbox-slideshow=\"f3d032a\" data-elementor-lightbox-title=\"Malbine\" data-e-action-hash=\"#elementor-action%3Aaction%3Dlightbox%26settings%3DeyJpZCI6OTIzLCJ1cmwiOiJodHRwczpcL1wvYXJ0Zm9yaGVscC5jaFwvd29yZHByZXNzaW5zdGFsXC93cC1jb250ZW50XC91cGxvYWRzXC8yMDI0XC8wM1wvUGhvdG9fbWFsYmluZTEtc2NhbGVkLmpwZyIsInNsaWRlc2hvdyI6ImYzZDAzMmEifQ%3D%3D\" href='https:\/\/artforhelp.ch\/wordpressinstal\/wp-content\/uploads\/2024\/03\/Photo_malbine1-scaled.jpg'><img loading=\"lazy\" decoding=\"async\" width=\"300\" height=\"200\" src=\"https:\/\/artforhelp.ch\/wordpressinstal\/wp-content\/uploads\/2024\/03\/Photo_malbine1-300x200.jpg\" class=\"attachment-medium size-medium\" alt=\"Maternit\u00e9 aux 4 enfants, 1980\" aria-describedby=\"gallery-1-923\" srcset=\"https:\/\/artforhelp.ch\/wordpressinstal\/wp-content\/uploads\/2024\/03\/Photo_malbine1-300x200.jpg 300w, https:\/\/artforhelp.ch\/wordpressinstal\/wp-content\/uploads\/2024\/03\/Photo_malbine1-1024x683.jpg 1024w, https:\/\/artforhelp.ch\/wordpressinstal\/wp-content\/uploads\/2024\/03\/Photo_malbine1-768x512.jpg 768w, https:\/\/artforhelp.ch\/wordpressinstal\/wp-content\/uploads\/2024\/03\/Photo_malbine1-1536x1024.jpg 1536w, https:\/\/artforhelp.ch\/wordpressinstal\/wp-content\/uploads\/2024\/03\/Photo_malbine1-2048x1365.jpg 2048w\" sizes=\"(max-width: 300px) 100vw, 300px\" \/><\/a>\n\t\t\t<\/div>\n\t\t\t\t<figcaption class='wp-caption-text gallery-caption' id='gallery-1-923'>\n\t\t\t\tMaternit\u00e9 aux 4 enfants, 1980\n\t\t\t\t<\/figcaption><\/figure><figure class='gallery-item'>\n\t\t\t<div class='gallery-icon landscape'>\n\t\t\t\t<a data-elementor-open-lightbox=\"yes\" data-elementor-lightbox-slideshow=\"f3d032a\" data-elementor-lightbox-title=\"Malbine\" data-e-action-hash=\"#elementor-action%3Aaction%3Dlightbox%26settings%3DeyJpZCI6OTU5LCJ1cmwiOiJodHRwczpcL1wvYXJ0Zm9yaGVscC5jaFwvd29yZHByZXNzaW5zdGFsXC93cC1jb250ZW50XC91cGxvYWRzXC8yMDI0XC8wM1wvUGhvdG9fbWFsYmluZTQzLXNjYWxlZC5qcGciLCJzbGlkZXNob3ciOiJmM2QwMzJhIn0%3D\" href='https:\/\/artforhelp.ch\/wordpressinstal\/wp-content\/uploads\/2024\/03\/Photo_malbine43-scaled.jpg'><img loading=\"lazy\" decoding=\"async\" width=\"300\" height=\"200\" src=\"https:\/\/artforhelp.ch\/wordpressinstal\/wp-content\/uploads\/2024\/03\/Photo_malbine43-300x200.jpg\" class=\"attachment-medium size-medium\" alt=\"Eve, 1964\" aria-describedby=\"gallery-1-959\" srcset=\"https:\/\/artforhelp.ch\/wordpressinstal\/wp-content\/uploads\/2024\/03\/Photo_malbine43-300x200.jpg 300w, https:\/\/artforhelp.ch\/wordpressinstal\/wp-content\/uploads\/2024\/03\/Photo_malbine43-1024x683.jpg 1024w, https:\/\/artforhelp.ch\/wordpressinstal\/wp-content\/uploads\/2024\/03\/Photo_malbine43-768x512.jpg 768w, https:\/\/artforhelp.ch\/wordpressinstal\/wp-content\/uploads\/2024\/03\/Photo_malbine43-1536x1024.jpg 1536w, https:\/\/artforhelp.ch\/wordpressinstal\/wp-content\/uploads\/2024\/03\/Photo_malbine43-2048x1365.jpg 2048w\" sizes=\"(max-width: 300px) 100vw, 300px\" \/><\/a>\n\t\t\t<\/div>\n\t\t\t\t<figcaption class='wp-caption-text gallery-caption' id='gallery-1-959'>\n\t\t\t\tEve, 1964\n\t\t\t\t<\/figcaption><\/figure>\n\t\t<\/div>\n\t\t<\/div>\n\t\t\t\t\t\t<\/div>\n\t\t\t\t<\/div>\n\t\t\t\t\t<\/div>\n\t\t<\/div>\n\t\t\t\t\t<\/div>\n\t\t<\/section>\n\t\t\t\t<\/div>\n\t\t","protected":false},"excerpt":{"rendered":"<p>Sculptures expos\u00e9es dans le Canton de Gen\u00e8ve T\u00e9l\u00e9chargez l\u2019application \u00ab Zada \u00bb pour en apprendre&#8230;<\/p>\n<div class=\"visionwp-site-button\"><a href=\"https:\/\/artforhelp.ch\/wordpressinstal\/oeuvres\/\" class=\"visionwp-primary-button\">Read More <i class=\"fa fa-long-arrow-right\"><\/i><\/a><\/div>\n","protected":false},"author":1,"featured_media":0,"parent":0,"menu_order":0,"comment_status":"closed","ping_status":"closed","template":"","meta":{"footnotes":""},"class_list":["post-13","page","type-page","status-publish","hentry"],"_links":{"self":[{"href":"https:\/\/artforhelp.ch\/wordpressinstal\/wp-json\/wp\/v2\/pages\/13","targetHints":{"allow":["GET"]}}],"collection":[{"href":"https:\/\/artforhelp.ch\/wordpressinstal\/wp-json\/wp\/v2\/pages"}],"about":[{"href":"https:\/\/artforhelp.ch\/wordpressinstal\/wp-json\/wp\/v2\/types\/page"}],"author":[{"embeddable":true,"href":"https:\/\/artforhelp.ch\/wordpressinstal\/wp-json\/wp\/v2\/users\/1"}],"replies":[{"embeddable":true,"href":"https:\/\/artforhelp.ch\/wordpressinstal\/wp-json\/wp\/v2\/comments?post=13"}],"version-history":[{"count":129,"href":"https:\/\/artforhelp.ch\/wordpressinstal\/wp-json\/wp\/v2\/pages\/13\/revisions"}],"predecessor-version":[{"id":1321,"href":"https:\/\/artforhelp.ch\/wordpressinstal\/wp-json\/wp\/v2\/pages\/13\/revisions\/1321"}],"wp:attachment":[{"href":"https:\/\/artforhelp.ch\/wordpressinstal\/wp-json\/wp\/v2\/media?parent=13"}],"curies":[{"name":"wp","href":"https:\/\/api.w.org\/{rel}","templated":true}]}}